{"id":701,"date":"2026-01-24T01:16:41","date_gmt":"2026-01-23T22:16:41","guid":{"rendered":"https:\/\/www.tezgelclinic.com\/?page_id=701"},"modified":"2026-02-21T23:54:24","modified_gmt":"2026-02-21T20:54:24","slug":"doktorlarimiz","status":"publish","type":"page","link":"https:\/\/www.tezgelclinic.com\/?page_id=701","title":{"rendered":"Doktorlar\u0131m\u0131z"},"content":{"rendered":"\t\t<div data-elementor-type=\"wp-page\" data-elementor-id=\"701\" class=\"elementor elementor-701\" data-elementor-post-type=\"page\">\n\t\t\t\t\t\t<section class=\"elementor-section elementor-top-section elementor-element elementor-element-4057d26a elementor-section-boxed elementor-section-height-default elementor-section-height-default\" data-id=\"4057d26a\" data-element_type=\"section\" data-settings=\"{&quot;background_background&quot;:&quot;classic&quot;}\">\n\t\t\t\t\t\t<div class=\"elementor-container elementor-column-gap-default\">\n\t\t\t\t\t<div class=\"elementor-column elementor-col-100 elementor-top-column elementor-element elementor-element-79fd9be4\" data-id=\"79fd9be4\" data-element_type=\"column\">\n\t\t\t<div class=\"elementor-widget-wrap elementor-element-populated\">\n\t\t\t\t\t\t<div class=\"elementor-element elementor-element-1eefb4ea elementor-widget__width-initial elementor-invisible elementor-widget elementor-widget-heading\" data-id=\"1eefb4ea\" data-element_type=\"widget\" data-settings=\"{&quot;_animation&quot;:&quot;fadeInDown&quot;}\" data-widget_type=\"heading.default\">\n\t\t\t\t\t<h4 class=\"elementor-heading-title elementor-size-default\">Bilimin \u0131\u015f\u0131\u011f\u0131nda, teknolojinin g\u00fcc\u00fcyle ve derin tecr\u00fcbemizle, do\u011fal ve ki\u015fiye \u00f6zel g\u00fcl\u00fc\u015fler tasarl\u0131yoruz. Her bir g\u00fcl\u00fc\u015f\u00fcn ard\u0131ndaki ilham kayna\u011f\u0131 sizsiniz; \u00e7\u00fcnk\u00fc inan\u0131yoruz ki, parlak bir g\u00fcl\u00fcmseme d\u00fcnyay\u0131 ayd\u0131nlatabilir.\n<\/h4>\t\t\t\t<\/div>\n\t\t\t\t\t<\/div>\n\t\t<\/div>\n\t\t\t\t\t<\/div>\n\t\t<\/section>\n\t\t<div class=\"elementor-element elementor-element-033322d e-flex e-con-boxed e-con e-parent\" data-id=\"033322d\" data-element_type=\"container\">\n\t\t\t\t\t<div class=\"e-con-inner\">\n\t\t<div class=\"elementor-element elementor-element-c7ff4e8 e-con-full e-flex e-con e-child\" data-id=\"c7ff4e8\" data-element_type=\"container\">\n\t\t\t\t<div class=\"elementor-element elementor-element-e91f0a3 elementor-widget elementor-widget-image\" data-id=\"e91f0a3\" data-element_type=\"widget\" data-widget_type=\"image.default\">\n\t\t\t\t\t\t\t\t\t\t\t\t\t\t\t<img fetchpriority=\"high\" decoding=\"async\" width=\"600\" height=\"800\" src=\"https:\/\/www.tezgelclinic.com\/wp-content\/uploads\/2026\/01\/filiztezgel.png\" class=\"attachment-large size-large wp-image-628\" alt=\"\" srcset=\"https:\/\/www.tezgelclinic.com\/wp-content\/uploads\/2026\/01\/filiztezgel.png 600w, https:\/\/www.tezgelclinic.com\/wp-content\/uploads\/2026\/01\/filiztezgel-225x300.png 225w\" sizes=\"(max-width: 600px) 100vw, 600px\" \/>\t\t\t\t\t\t\t\t\t\t\t\t\t\t\t<\/div>\n\t\t\t\t<div class=\"elementor-element elementor-element-4ea911d elementor-widget elementor-widget-heading\" data-id=\"4ea911d\" data-element_type=\"widget\" data-widget_type=\"heading.default\">\n\t\t\t\t\t<h4 class=\"elementor-heading-title elementor-size-default\">Filiz Tezgel<br>\nDi\u015f Hekimi \/ Kurucu<\/h4>\t\t\t\t<\/div>\n\t\t\t\t<div class=\"elementor-element elementor-element-0ac7be5 elementor-widget elementor-widget-text-editor\" data-id=\"0ac7be5\" data-element_type=\"widget\" data-widget_type=\"text-editor.default\">\n\t\t\t\t\t\t\t\t\t<p>1987 y\u0131l\u0131nda Ege \u00dcniversitesi Di\u015f Hekimli\u011fi Fak\u00fcltesi\u2019nden mezun oldu. Meslek hayat\u0131na serbest di\u015f hekimi olarak ba\u015flad\u0131 ve 1988\u20132004 y\u0131llar\u0131 aras\u0131nda aktif klinik \u00e7al\u0131\u015fmalar\u0131n\u0131 s\u00fcrd\u00fcrd\u00fc.<br \/><br \/>2004 y\u0131l\u0131nda Eski\u015fehir Di\u015f Hastanesi\u2019nde di\u015f hekimi olarak g\u00f6rev ald\u0131 ve 2011 y\u0131l\u0131nda emekli oldu.<br \/><br \/>2011\u20132017 y\u0131llar\u0131 aras\u0131nda Gebze Teknopark\u2019ta AR-GE personeli ve \u015firket CEO\u2019su olarak nanoteknoloji alan\u0131nda \u00e7al\u0131\u015ft\u0131. Bu s\u00fcre\u00e7te Bel\u00e7ika, Hollanda, Fransa, Almanya ve ABD ba\u015fta olmak \u00fczere bir\u00e7ok \u00fclke ile uluslararas\u0131 projelerde yer ald\u0131.<br \/><br \/>Akademik alanda, 2007 y\u0131l\u0131nda Ege \u00dcniversitesi Oral Diagnoz ve Radyoloji Anabilim Dal\u0131 \u00f6\u011fretim \u00fcyesi Prof. Dr. Nesrin D\u00fcndar ile birlikte Akademik Dental Dergisi\u2019nde yay\u0131n ger\u00e7ekle\u015ftirdi.<br \/><br \/>Medya alan\u0131nda sa\u011fl\u0131k temal\u0131 projelerde yer ald\u0131; \u0130stanbul Channel \u0130zmir st\u00fcdyolar\u0131nda \u201cTepeden T\u0131rna\u011fa Sa\u011fl\u0131k\u201d program\u0131n\u0131 haz\u0131rlay\u0131p sundu. Ayn\u0131 kanalda sosyal sorumluluk projeleri koordinat\u00f6rl\u00fc\u011f\u00fc g\u00f6revini \u00fcstlenerek bu alandaki \u00e7al\u0131\u015fmalar\u0131n\u0131 s\u00fcrd\u00fcrmektedir.<br \/><br \/>2017\u20132022 y\u0131llar\u0131 aras\u0131nda \u0130zmir\u2019de \u00e7e\u015fitli \u00f6zel polikliniklerde serbest di\u015f hekimi olarak g\u00f6rev yapt\u0131. 2022 y\u0131l\u0131nda Ege \u00dcniversitesi Pedodonti Anabilim Dal\u0131 \u00f6\u011fretim \u00fcyesi Prof. Dr. R\u0131za Alp\u00f6z ile birlikte ortak muayenehane \u00e7al\u0131\u015fmalar\u0131nda bulundu. 2023 y\u0131l\u0131nda \u00d6zel Asya Dental Poliklini\u011fi\u2019nde g\u00f6rev ald\u0131.<br \/><br \/>Mesleki deneyimi, akademik \u00e7al\u0131\u015fmalar\u0131 ve multidisipliner yakla\u015f\u0131m\u0131yla hastalar\u0131na kaliteli ve g\u00fcvenilir a\u011f\u0131z ve di\u015f sa\u011fl\u0131\u011f\u0131 hizmeti sunmay\u0131 ama\u00e7layan Dt. Filiz Tezgel, kurucusu oldu\u011fu \u00d6zel Tezgel A\u011f\u0131z ve Di\u015f Sa\u011fl\u0131\u011f\u0131 Poliklini\u011fi \u00e7at\u0131s\u0131 alt\u0131nda mesleki \u00e7al\u0131\u015fmalar\u0131na devam etmektedir.<\/p>\t\t\t\t\t\t\t\t<\/div>\n\t\t\t\t<\/div>\n\t\t<div class=\"elementor-element elementor-element-a0b8014 e-con-full e-flex e-con e-child\" data-id=\"a0b8014\" data-element_type=\"container\">\n\t\t\t\t<div class=\"elementor-element elementor-element-28261b2 elementor-widget elementor-widget-image\" data-id=\"28261b2\" data-element_type=\"widget\" data-widget_type=\"image.default\">\n\t\t\t\t\t\t\t\t\t\t\t\t\t\t\t<img decoding=\"async\" width=\"600\" height=\"800\" src=\"https:\/\/www.tezgelclinic.com\/wp-content\/uploads\/2026\/01\/ahmethoca.png\" class=\"attachment-large size-large wp-image-633\" alt=\"\" srcset=\"https:\/\/www.tezgelclinic.com\/wp-content\/uploads\/2026\/01\/ahmethoca.png 600w, https:\/\/www.tezgelclinic.com\/wp-content\/uploads\/2026\/01\/ahmethoca-225x300.png 225w\" sizes=\"(max-width: 600px) 100vw, 600px\" \/>\t\t\t\t\t\t\t\t\t\t\t\t\t\t\t<\/div>\n\t\t\t\t<div class=\"elementor-element elementor-element-554492b elementor-widget elementor-widget-heading\" data-id=\"554492b\" data-element_type=\"widget\" data-widget_type=\"heading.default\">\n\t\t\t\t\t<h4 class=\"elementor-heading-title elementor-size-default\">Ahmet Can Ert\u00fcz<br>\nBa\u015fhekim<\/h4>\t\t\t\t<\/div>\n\t\t\t\t<div class=\"elementor-element elementor-element-7d5b14f elementor-widget elementor-widget-text-editor\" data-id=\"7d5b14f\" data-element_type=\"widget\" data-widget_type=\"text-editor.default\">\n\t\t\t\t\t\t\t\t\t<p>1963 y\u0131l\u0131nda Ankara\u2019da do\u011fdu. \u0130lk, orta ve lise e\u011fitimini Ankara\u2019da tamamlad\u0131ktan sonra Gazi \u00dcniversitesi Di\u015f Hekimli\u011fi Fak\u00fcltesi\u2019nden 1987 y\u0131l\u0131nda mezun oldu.<\/p><p>Vatani g\u00f6revini Ankara G\u00fclhane Askeri T\u0131p Akademisi\u2019nde tamamlad\u0131. Meslek hayat\u0131na Bursa Orhangazi\u2019de serbest di\u015f hekimi olarak ba\u015flad\u0131. 1999 depremi sonras\u0131nda Kayseri\u2019de mesleki \u00e7al\u0131\u015fmalar\u0131n\u0131 s\u00fcrd\u00fcrd\u00fc.<\/p><p>2014 y\u0131l\u0131nda \u0130zmir\u2019in Urla il\u00e7esine ta\u015f\u0131narak \u00e7al\u0131\u015fma hayat\u0131na burada devam etti. Uzun y\u0131llara dayanan klinik tecr\u00fcbesiyle hasta odakl\u0131 ve etik di\u015f hekimli\u011fi anlay\u0131\u015f\u0131n\u0131 benimsedi.<\/p><p>2025 y\u0131l\u0131nda kurulu\u015f s\u00fcrecinin t\u00fcm a\u015famalar\u0131nda aktif rol ald\u0131\u011f\u0131 \u00d6zel Tezgel A\u011f\u0131z ve Di\u015f Sa\u011fl\u0131\u011f\u0131 Poliklini\u011fi\u2019nde Ba\u015fhekim olarak g\u00f6rev yapmakta ve mesleki \u00e7al\u0131\u015fmalar\u0131n\u0131 s\u00fcrd\u00fcrmektedir.<\/p>\t\t\t\t\t\t\t\t<\/div>\n\t\t\t\t<\/div>\n\t\t<div class=\"elementor-element elementor-element-755c9a3 e-con-full e-flex e-con e-child\" data-id=\"755c9a3\" data-element_type=\"container\">\n\t\t\t\t<div class=\"elementor-element elementor-element-ada653a elementor-widget elementor-widget-image\" data-id=\"ada653a\" data-element_type=\"widget\" data-widget_type=\"image.default\">\n\t\t\t\t\t\t\t\t\t\t\t\t\t\t\t<img decoding=\"async\" width=\"600\" height=\"800\" src=\"https:\/\/www.tezgelclinic.com\/wp-content\/uploads\/2026\/01\/denizhoca.png\" class=\"attachment-large size-large wp-image-637\" alt=\"\" srcset=\"https:\/\/www.tezgelclinic.com\/wp-content\/uploads\/2026\/01\/denizhoca.png 600w, https:\/\/www.tezgelclinic.com\/wp-content\/uploads\/2026\/01\/denizhoca-225x300.png 225w\" sizes=\"(max-width: 600px) 100vw, 600px\" \/>\t\t\t\t\t\t\t\t\t\t\t\t\t\t\t<\/div>\n\t\t\t\t<div class=\"elementor-element elementor-element-963567c elementor-widget elementor-widget-heading\" data-id=\"963567c\" data-element_type=\"widget\" data-widget_type=\"heading.default\">\n\t\t\t\t\t<h4 class=\"elementor-heading-title elementor-size-default\">Deniz Cem Kaya<br>\nDi\u015f Hekimi<\/h4>\t\t\t\t<\/div>\n\t\t\t\t<div class=\"elementor-element elementor-element-bddb9e8 elementor-widget elementor-widget-text-editor\" data-id=\"bddb9e8\" data-element_type=\"widget\" data-widget_type=\"text-editor.default\">\n\t\t\t\t\t\t\t\t\t<p>1991 y\u0131l\u0131nda \u0130zmir\u2019de do\u011fdu. Lise e\u011fitimini G\u00fczelbah\u00e7e 60. Y\u0131l Anadolu Lisesi\u2019nde tamamlad\u0131ktan sonra Ege \u00dcniversitesi Di\u015f Hekimli\u011fi Fak\u00fcltesi\u2019nden 2015 y\u0131l\u0131nda mezun oldu.<br \/><br \/>Mezuniyetinin ard\u0131ndan Isparta Yalva\u00e7\u2019ta iki y\u0131l boyunca kendi muayenehanesinde hizmet verdi. Zorunlu askerlik g\u00f6revini Gaziantep \u0130slahiye\u2019de yedek subay olarak tamamlad\u0131. Askerlik sonras\u0131 \u00f6zel polikliniklerde serbest di\u015f hekimi olarak g\u00f6rev yapt\u0131.<br \/><br \/>Daha sonra \u0130zmir Buca\u2019da kendi muayenehanesini a\u00e7arak alt\u0131 y\u0131l boyunca aktif klinik \u00e7al\u0131\u015fmalar\u0131n\u0131 s\u00fcrd\u00fcrd\u00fc. Genel di\u015f hekimli\u011fi uygulamalar\u0131na h\u00e2kim olup \u00f6zellikle estetik di\u015f hekimli\u011fi ve \u00e7ocuk di\u015f hekimli\u011fi alanlar\u0131nda yo\u011funla\u015fmaktad\u0131r.<br \/><br \/>\u0130leri d\u00fczeyde \u0130ngilizce bilmektedir. Hasta-hekim ileti\u015fimine \u00f6nem veren, tedavi s\u00fcrecinde hastalar\u0131n\u0131 ayr\u0131nt\u0131l\u0131 \u015fekilde bilgilendiren ve t\u00fcm tedavi alternatiflerini \u015feffaf bi\u00e7imde sunan bir \u00e7al\u0131\u015fma anlay\u0131\u015f\u0131n\u0131 benimsemektedir. \u00c7ocuk hastalarla ileti\u015fimi g\u00fc\u00e7l\u00fcd\u00fcr.<\/p>\t\t\t\t\t\t\t\t<\/div>\n\t\t\t\t<\/div>\n\t\t\t\t\t<\/div>\n\t\t\t\t<\/div>\n\t\t\t\t<\/div>\n\t\t","protected":false},"excerpt":{"rendered":"<p>Bilimin \u0131\u015f\u0131\u011f\u0131nda, teknolojinin g\u00fcc\u00fcyle ve derin tecr\u00fcbemizle, do\u011fal ve ki\u015fiye \u00f6zel g\u00fcl\u00fc\u015fler tasarl\u0131yoruz. Her bir g\u00fcl\u00fc\u015f\u00fcn ard\u0131ndaki ilham kayna\u011f\u0131 sizsiniz; \u00e7\u00fcnk\u00fc inan\u0131yoruz ki, parlak bir g\u00fcl\u00fcmseme d\u00fcnyay\u0131 ayd\u0131nlatabilir. Filiz Tezgel Di\u015f Hekimi \/ Kurucu 1987 y\u0131l\u0131nda Ege \u00dcniversitesi Di\u015f Hekimli\u011fi Fak\u00fcltesi\u2019nden mezun oldu. Meslek hayat\u0131na serbest di\u015f hekimi olarak ba\u015flad\u0131 ve 1988\u20132004 y\u0131llar\u0131 aras\u0131nda aktif [&hellip;]<\/p>\n","protected":false},"author":1,"featured_media":0,"parent":0,"menu_order":0,"comment_status":"closed","ping_status":"closed","template":"elementor_header_footer","meta":{"footnotes":""},"class_list":["post-701","page","type-page","status-publish","hentry"],"_links":{"self":[{"href":"https:\/\/www.tezgelclinic.com\/index.php?rest_route=\/wp\/v2\/pages\/701","targetHints":{"allow":["GET"]}}],"collection":[{"href":"https:\/\/www.tezgelclinic.com\/index.php?rest_route=\/wp\/v2\/pages"}],"about":[{"href":"https:\/\/www.tezgelclinic.com\/index.php?rest_route=\/wp\/v2\/types\/page"}],"author":[{"embeddable":true,"href":"https:\/\/www.tezgelclinic.com\/index.php?rest_route=\/wp\/v2\/users\/1"}],"replies":[{"embeddable":true,"href":"https:\/\/www.tezgelclinic.com\/index.php?rest_route=%2Fwp%2Fv2%2Fcomments&post=701"}],"version-history":[{"count":17,"href":"https:\/\/www.tezgelclinic.com\/index.php?rest_route=\/wp\/v2\/pages\/701\/revisions"}],"predecessor-version":[{"id":1312,"href":"https:\/\/www.tezgelclinic.com\/index.php?rest_route=\/wp\/v2\/pages\/701\/revisions\/1312"}],"wp:attachment":[{"href":"https:\/\/www.tezgelclinic.com\/index.php?rest_route=%2Fwp%2Fv2%2Fmedia&parent=701"}],"curies":[{"name":"wp","href":"https:\/\/api.w.org\/{rel}","templated":true}]}}